{"id":39279,"date":"2019-04-15T06:40:36","date_gmt":"2019-04-15T04:40:36","guid":{"rendered":"https:\/\/www.digital-insure.fr\/noticias\/"},"modified":"2025-10-21T15:03:06","modified_gmt":"2025-10-21T13:03:06","slug":"noticias","status":"publish","type":"page","link":"https:\/\/www.digital-insure.fr\/es\/noticias\/","title":{"rendered":"NOTICIAS"},"content":{"rendered":"<div style=\"margin-top: 0px; margin-bottom: 0px;\" class=\"sharethis-inline-share-buttons\" ><\/div>\t\t<div data-elementor-type=\"wp-post\" data-elementor-id=\"39279\" class=\"elementor elementor-39279 elementor-1310\" data-elementor-post-type=\"page\">\n\t\t\t\t\t\t<section class=\"elementor-section elementor-top-section elementor-element elementor-element-72edd35 elementor-section-boxed elementor-section-height-default elementor-section-height-default\" data-id=\"72edd35\" data-element_type=\"section\" data-e-type=\"section\">\n\t\t\t\t\t\t<div class=\"elementor-container elementor-column-gap-extended\">\n\t\t\t\t\t<div class=\"elementor-column elementor-col-100 elementor-top-column elementor-element elementor-element-11ccd24\" data-id=\"11ccd24\" data-element_type=\"column\" data-e-type=\"column\">\n\t\t\t<div class=\"elementor-widget-wrap elementor-element-populated\">\n\t\t\t\t\t\t<div class=\"elementor-element elementor-element-07ce10c elementor-widget elementor-widget-webify-blog-widget\" data-id=\"07ce10c\" data-element_type=\"widget\" data-e-type=\"widget\" data-widget_type=\"webify-blog-widget.default\">\n\t\t\t\t<div class=\"elementor-widget-container\">\n\t\t\t\t\t        <div class=\"tb-blog-content\">\n          <div class=\"tb-isotop tb-port-col-2 tb-has-gutter\">\n            <div class=\"tb-grid-sizer\"><\/div>\n\n                          <div class=\"tb-isotop-item tb-w100 post-38602 post type-post status-publish format-standard has-post-thumbnail hentry category-cdi-contrato-indefinido category-evento\">\n                <div class=\"tb-post tb-style5 tb-color1 tb-large-post\">\n                                      <div class=\"tb-zoom\">\n                      <a href=\"https:\/\/www.digital-insure.fr\/es\/tarificador-medico\/\" class=\"tb-post-thumb tb-zoom-in1\">\n                        <img fetchpriority=\"high\" decoding=\"async\" width=\"728\" height=\"485\" src=\"https:\/\/www.digital-insure.fr\/wp-content\/uploads\/sites\/4\/2025\/12\/image_optimale_site_web_tarificateur-medical-728x485.jpg\" class=\"attachment-webify-rectangle-large size-webify-rectangle-large wp-post-image\" alt=\"\" srcset=\"https:\/\/www.digital-insure.fr\/wp-content\/uploads\/sites\/4\/2025\/12\/image_optimale_site_web_tarificateur-medical.jpg 728w, https:\/\/www.digital-insure.fr\/wp-content\/uploads\/sites\/4\/2025\/12\/image_optimale_site_web_tarificateur-medical-300x200.jpg 300w\" sizes=\"(max-width: 728px) 100vw, 728px\" \/>                      <\/a>\n                    <\/div>\n                                    <div class=\"tb-post-info\">\n                    <div class=\"tb-post-meta\">\n                      <div class=\"tb-catagory tb-style1\">\n                        <ul class=\"post-categories\">\n\t<li><a href=\"https:\/\/www.digital-insure.fr\/es\/category\/cdi-contrato-indefinido\/\" rel=\"category tag\">CDI (Contrato indefinido)<\/a><\/li>\n\t<li><a href=\"https:\/\/www.digital-insure.fr\/es\/category\/evento\/\" rel=\"category tag\">Evento<\/a><\/li>\n\t<li><a href=\"https:\/\/www.digital-insure.fr\/es\/category\/evento\/\" rel=\"category tag\">Evento<\/a><\/li>\n\t<li><a href=\"https:\/\/www.digital-insure.fr\/es\/category\/cdi-contrato-indefinido\/\" rel=\"category tag\">CDI (Contrato indefinido)<\/a><\/li><\/ul>                      <\/div>\n                    <\/div>\n                    <div class=\"empty-space marg-lg-b5\"><\/div>\n                    <h2 class=\"tb-post-title tb-36-lg  tb-m0\"><a href=\"https:\/\/www.digital-insure.fr\/es\/tarificador-medico\/\">Tarificador M\u00e9dico<\/a><\/h2>\n                    <div class=\"tb-post-label tb-style1\">\n                      <span class=\"tb-post-author-name vcard\"><a href=\"https:\/\/www.digital-insure.fr\/es\/author\/digital-insure\/\">digital insure<\/a><\/span> \n                      <span class=\"tb-post-date\">27 marzo 2026<\/span>\n                    <\/div>\n                  <\/div>\n                <\/div>\n              <\/div>\n            \n              <div class=\"tb-isotop-item post-41115 post type-post status-publish format-standard has-post-thumbnail hentry category-evento\">\n                <div class=\"tb-post tb-style5 tb-color1 \">\n                                      <div class=\"tb-zoom\">\n                      <a href=\"https:\/\/www.digital-insure.fr\/es\/digital-insure-y-aurep-bases-solidas-para-la-construccion-patrimonial\/\" class=\"tb-post-thumb tb-zoom-in1\">\n                        <img decoding=\"async\" width=\"570\" height=\"392\" src=\"https:\/\/www.digital-insure.fr\/wp-content\/uploads\/sites\/4\/2025\/11\/AUREP-DI-partenariat-570x392.jpg\" class=\"attachment-webify-rectangle-medium-alt size-webify-rectangle-medium-alt wp-post-image\" alt=\"\" \/>                      <\/a>\n                    <\/div>\n                                    <div class=\"tb-post-info\">\n                    <div class=\"tb-catagory tb-style1\">\n                      <ul class=\"post-categories\">\n\t<li><a href=\"https:\/\/www.digital-insure.fr\/es\/category\/evento\/\" rel=\"category tag\">Evento<\/a><\/li><\/ul>                    <\/div>\n                    <div class=\"empty-space marg-lg-b5\"><\/div>\n                    <h2 class=\"tb-post-title tb-f18-lg  tb-m0\"><a href=\"https:\/\/www.digital-insure.fr\/es\/digital-insure-y-aurep-bases-solidas-para-la-construccion-patrimonial\/\">Digital Insure y AUREP: Bases s\u00f3lidas para la construcci\u00f3n patrimonial<\/a><\/h2>\n                    <div class=\"tb-post-label tb-style1\">\n                      <span class=\"tb-post-author-name vcard\"><a href=\"https:\/\/www.digital-insure.fr\/es\/author\/veronika-ondrackova\/\">veronika.ondrackova<\/a><\/span> \n                      <span class=\"tb-post-date\">19 noviembre 2025<\/span>\n                    <\/div>\n                  <\/div>\n                <\/div>\n              <\/div>\n            \n              <div class=\"tb-isotop-item post-41493 post type-post status-publish format-standard has-post-thumbnail hentry category-comunicado-de-prensa category-evento\">\n                <div class=\"tb-post tb-style5 tb-color1 \">\n                                      <div class=\"tb-zoom\">\n                      <a href=\"https:\/\/www.digital-insure.fr\/es\/digital-insure-y-mutlog-lanzan-altitude-emprunteur-el-seguro-de-prestamo-hipotecario-disenado-para-expatriados-y-no-residentes\/\" class=\"tb-post-thumb tb-zoom-in1\">\n                        <img decoding=\"async\" width=\"570\" height=\"392\" src=\"https:\/\/www.digital-insure.fr\/wp-content\/uploads\/sites\/4\/2025\/11\/Altitude-Emprunteur-banniere-sans-texte-570x392.png\" class=\"attachment-webify-rectangle-medium-alt size-webify-rectangle-medium-alt wp-post-image\" alt=\"\" \/>                      <\/a>\n                    <\/div>\n                                    <div class=\"tb-post-info\">\n                    <div class=\"tb-catagory tb-style1\">\n                      <ul class=\"post-categories\">\n\t<li><a href=\"https:\/\/www.digital-insure.fr\/es\/category\/comunicado-de-prensa\/\" rel=\"category tag\">Comunicado de Prensa<\/a><\/li>\n\t<li><a href=\"https:\/\/www.digital-insure.fr\/es\/category\/evento\/\" rel=\"category tag\">Evento<\/a><\/li><\/ul>                    <\/div>\n                    <div class=\"empty-space marg-lg-b5\"><\/div>\n                    <h2 class=\"tb-post-title tb-f18-lg  tb-m0\"><a href=\"https:\/\/www.digital-insure.fr\/es\/digital-insure-y-mutlog-lanzan-altitude-emprunteur-el-seguro-de-prestamo-hipotecario-disenado-para-expatriados-y-no-residentes\/\">Digital Insure y Mutlog lanzan \u00abAltitude Emprunteur\u00bb: el seguro de pr\u00e9stamo hipotecario dise\u00f1ado para expatriados y no residentes.<\/a><\/h2>\n                    <div class=\"tb-post-label tb-style1\">\n                      <span class=\"tb-post-author-name vcard\"><a href=\"https:\/\/www.digital-insure.fr\/es\/author\/veronika-ondrackova\/\">veronika.ondrackova<\/a><\/span> \n                      <span class=\"tb-post-date\">4 noviembre 2025<\/span>\n                    <\/div>\n                  <\/div>\n                <\/div>\n              <\/div>\n            \n              <div class=\"tb-isotop-item post-38588 post type-post status-publish format-standard has-post-thumbnail hentry category-evento\">\n                <div class=\"tb-post tb-style5 tb-color1 \">\n                                      <div class=\"tb-zoom\">\n                      <a href=\"https:\/\/www.digital-insure.fr\/es\/nuestro-comparador-se-enriquece-con-caci-solution-emprunteur\/\" class=\"tb-post-thumb tb-zoom-in1\">\n                        <img loading=\"lazy\" decoding=\"async\" width=\"570\" height=\"392\" src=\"https:\/\/www.digital-insure.fr\/wp-content\/uploads\/sites\/4\/2025\/10\/CACI-solution-emprunteur-570x392.jpeg\" class=\"attachment-webify-rectangle-medium-alt size-webify-rectangle-medium-alt wp-post-image\" alt=\"CACI\" \/>                      <\/a>\n                    <\/div>\n                                    <div class=\"tb-post-info\">\n                    <div class=\"tb-catagory tb-style1\">\n                      <ul class=\"post-categories\">\n\t<li><a href=\"https:\/\/www.digital-insure.fr\/es\/category\/evento\/\" rel=\"category tag\">Evento<\/a><\/li><\/ul>                    <\/div>\n                    <div class=\"empty-space marg-lg-b5\"><\/div>\n                    <h2 class=\"tb-post-title tb-f18-lg  tb-m0\"><a href=\"https:\/\/www.digital-insure.fr\/es\/nuestro-comparador-se-enriquece-con-caci-solution-emprunteur\/\">Nuestro comparador se enriquece con CACI Solution Emprunteur<\/a><\/h2>\n                    <div class=\"tb-post-label tb-style1\">\n                      <span class=\"tb-post-author-name vcard\"><a href=\"https:\/\/www.digital-insure.fr\/es\/author\/veronika-ondrackova\/\">veronika.ondrackova<\/a><\/span> \n                      <span class=\"tb-post-date\">14 octubre 2025<\/span>\n                    <\/div>\n                  <\/div>\n                <\/div>\n              <\/div>\n            \n              <div class=\"tb-isotop-item post-38673 post type-post status-publish format-standard has-post-thumbnail hentry category-comunicado-de-prensa category-evento\">\n                <div class=\"tb-post tb-style5 tb-color1 \">\n                                      <div class=\"tb-zoom\">\n                      <a href=\"https:\/\/www.digital-insure.fr\/es\/digital-insure-lanza-digiprevtns-su-segunda-oferta-de-prevision-100-digital-dirigida-a-los-trabajadores-autonomos\/\" class=\"tb-post-thumb tb-zoom-in1\">\n                        <img loading=\"lazy\" decoding=\"async\" width=\"570\" height=\"392\" src=\"https:\/\/www.digital-insure.fr\/wp-content\/uploads\/sites\/4\/2023\/02\/visuel-digiprevtns-sans-texte-570x392.jpg\" class=\"attachment-webify-rectangle-medium-alt size-webify-rectangle-medium-alt wp-post-image\" alt=\"\" \/>                      <\/a>\n                    <\/div>\n                                    <div class=\"tb-post-info\">\n                    <div class=\"tb-catagory tb-style1\">\n                      <ul class=\"post-categories\">\n\t<li><a href=\"https:\/\/www.digital-insure.fr\/es\/category\/comunicado-de-prensa\/\" rel=\"category tag\">Comunicado de Prensa<\/a><\/li>\n\t<li><a href=\"https:\/\/www.digital-insure.fr\/es\/category\/evento\/\" rel=\"category tag\">Evento<\/a><\/li><\/ul>                    <\/div>\n                    <div class=\"empty-space marg-lg-b5\"><\/div>\n                    <h2 class=\"tb-post-title tb-f18-lg  tb-m0\"><a href=\"https:\/\/www.digital-insure.fr\/es\/digital-insure-lanza-digiprevtns-su-segunda-oferta-de-prevision-100-digital-dirigida-a-los-trabajadores-autonomos\/\">Digital Insure lanza \u00abDigiPr\u00e9vTNS\u00bb, su segunda oferta de previsi\u00f3n, 100% digital, dirigida a los trabajadores aut\u00f3nomos<\/a><\/h2>\n                    <div class=\"tb-post-label tb-style1\">\n                      <span class=\"tb-post-author-name vcard\"><a href=\"https:\/\/www.digital-insure.fr\/es\/author\/digital-insure\/\">digital insure<\/a><\/span> \n                      <span class=\"tb-post-date\">14 febrero 2023<\/span>\n                    <\/div>\n                  <\/div>\n                <\/div>\n              <\/div>\n            \n              <div class=\"tb-isotop-item post-38697 post type-post status-publish format-standard has-post-thumbnail hentry category-comunicado-de-prensa category-evento\">\n                <div class=\"tb-post tb-style5 tb-color1 \">\n                                      <div class=\"tb-zoom\">\n                      <a href=\"https:\/\/www.digital-insure.fr\/es\/digital-insure-y-la-mondiale-europartner-desarrollan-su-asociacion-a-nivel-internacional\/\" class=\"tb-post-thumb tb-zoom-in1\">\n                        <img loading=\"lazy\" decoding=\"async\" width=\"570\" height=\"392\" src=\"https:\/\/www.digital-insure.fr\/wp-content\/uploads\/sites\/4\/2022\/12\/AG2R-la-mondiale-offre-italie-570x392.png\" class=\"attachment-webify-rectangle-medium-alt size-webify-rectangle-medium-alt wp-post-image\" alt=\"\" \/>                      <\/a>\n                    <\/div>\n                                    <div class=\"tb-post-info\">\n                    <div class=\"tb-catagory tb-style1\">\n                      <ul class=\"post-categories\">\n\t<li><a href=\"https:\/\/www.digital-insure.fr\/es\/category\/comunicado-de-prensa\/\" rel=\"category tag\">Comunicado de Prensa<\/a><\/li>\n\t<li><a href=\"https:\/\/www.digital-insure.fr\/es\/category\/evento\/\" rel=\"category tag\">Evento<\/a><\/li><\/ul>                    <\/div>\n                    <div class=\"empty-space marg-lg-b5\"><\/div>\n                    <h2 class=\"tb-post-title tb-f18-lg  tb-m0\"><a href=\"https:\/\/www.digital-insure.fr\/es\/digital-insure-y-la-mondiale-europartner-desarrollan-su-asociacion-a-nivel-internacional\/\">Digital Insure y La Mondiale Europartner desarrollan su asociaci\u00f3n a nivel internacional<\/a><\/h2>\n                    <div class=\"tb-post-label tb-style1\">\n                      <span class=\"tb-post-author-name vcard\"><a href=\"https:\/\/www.digital-insure.fr\/es\/author\/digital-insure\/\">digital insure<\/a><\/span> \n                      <span class=\"tb-post-date\">1 diciembre 2022<\/span>\n                    <\/div>\n                  <\/div>\n                <\/div>\n              <\/div>\n            \n              <div class=\"tb-isotop-item post-38701 post type-post status-publish format-standard has-post-thumbnail hentry category-comunicado-de-prensa category-evento\">\n                <div class=\"tb-post tb-style5 tb-color1 \">\n                                      <div class=\"tb-zoom\">\n                      <a href=\"https:\/\/www.digital-insure.fr\/es\/digital-insure-y-odealim-franquean-una-etapa-clave-de-su-acercamiento\/\" class=\"tb-post-thumb tb-zoom-in1\">\n                        <img loading=\"lazy\" decoding=\"async\" width=\"570\" height=\"330\" src=\"https:\/\/www.digital-insure.fr\/wp-content\/uploads\/sites\/4\/2021\/04\/Fondateurs_DI2020-570x330.jpg\" class=\"attachment-webify-rectangle-medium-alt size-webify-rectangle-medium-alt wp-post-image\" alt=\"Les 3 fondateurs de Digital Insure\" \/>                      <\/a>\n                    <\/div>\n                                    <div class=\"tb-post-info\">\n                    <div class=\"tb-catagory tb-style1\">\n                      <ul class=\"post-categories\">\n\t<li><a href=\"https:\/\/www.digital-insure.fr\/es\/category\/comunicado-de-prensa\/\" rel=\"category tag\">Comunicado de Prensa<\/a><\/li>\n\t<li><a href=\"https:\/\/www.digital-insure.fr\/es\/category\/evento\/\" rel=\"category tag\">Evento<\/a><\/li><\/ul>                    <\/div>\n                    <div class=\"empty-space marg-lg-b5\"><\/div>\n                    <h2 class=\"tb-post-title tb-f18-lg  tb-m0\"><a href=\"https:\/\/www.digital-insure.fr\/es\/digital-insure-y-odealim-franquean-una-etapa-clave-de-su-acercamiento\/\">Digital Insure y Odealim franquean una etapa clave de su acercamiento<\/a><\/h2>\n                    <div class=\"tb-post-label tb-style1\">\n                      <span class=\"tb-post-author-name vcard\"><a href=\"https:\/\/www.digital-insure.fr\/es\/author\/digital-insure\/\">digital insure<\/a><\/span> \n                      <span class=\"tb-post-date\">7 septiembre 2022<\/span>\n                    <\/div>\n                  <\/div>\n                <\/div>\n              <\/div>\n            \n              <div class=\"tb-isotop-item post-38688 post type-post status-publish format-standard has-post-thumbnail hentry category-evento tag-rescision-infraanual tag-ria tag-seguro-de-deudor\">\n                <div class=\"tb-post tb-style5 tb-color1 \">\n                                      <div class=\"tb-zoom\">\n                      <a href=\"https:\/\/www.digital-insure.fr\/es\/la-rescision-para-todos-y-en-cualquier-momento-del-seguro-de-deudor-ya-esta-aqui\/\" class=\"tb-post-thumb tb-zoom-in1\">\n                        <img loading=\"lazy\" decoding=\"async\" width=\"570\" height=\"392\" src=\"https:\/\/www.digital-insure.fr\/wp-content\/uploads\/sites\/4\/2022\/09\/Visuel-RIA-avec-texte-et-logo-dans-les-ballons-570x392.jpg\" class=\"attachment-webify-rectangle-medium-alt size-webify-rectangle-medium-alt wp-post-image\" alt=\"\" \/>                      <\/a>\n                    <\/div>\n                                    <div class=\"tb-post-info\">\n                    <div class=\"tb-catagory tb-style1\">\n                      <ul class=\"post-categories\">\n\t<li><a href=\"https:\/\/www.digital-insure.fr\/es\/category\/evento\/\" rel=\"category tag\">Evento<\/a><\/li><\/ul>                    <\/div>\n                    <div class=\"empty-space marg-lg-b5\"><\/div>\n                    <h2 class=\"tb-post-title tb-f18-lg  tb-m0\"><a href=\"https:\/\/www.digital-insure.fr\/es\/la-rescision-para-todos-y-en-cualquier-momento-del-seguro-de-deudor-ya-esta-aqui\/\">\u00a1La rescisi\u00f3n para todos y en cualquier momento del seguro de deudor ya est\u00e1 aqu\u00ed!<\/a><\/h2>\n                    <div class=\"tb-post-label tb-style1\">\n                      <span class=\"tb-post-author-name vcard\"><a href=\"https:\/\/www.digital-insure.fr\/es\/author\/digital-insure\/\">digital insure<\/a><\/span> \n                      <span class=\"tb-post-date\">2 septiembre 2022<\/span>\n                    <\/div>\n                  <\/div>\n                <\/div>\n              <\/div>\n            \n              <div class=\"tb-isotop-item post-38705 post type-post status-publish format-standard has-post-thumbnail hentry category-comunicado-de-prensa category-evento\">\n                <div class=\"tb-post tb-style5 tb-color1 \">\n                                      <div class=\"tb-zoom\">\n                      <a href=\"https:\/\/www.digital-insure.fr\/es\/seguro-de-deudor-la-mutuelle-miltis-anuncia-importantes-cambios-en-su-contrato-sopretis-en-favor-de-los-consumidores\/\" class=\"tb-post-thumb tb-zoom-in1\">\n                        <img loading=\"lazy\" decoding=\"async\" width=\"570\" height=\"392\" src=\"https:\/\/www.digital-insure.fr\/wp-content\/uploads\/sites\/4\/2022\/07\/image_optimale_site_web_DI-1-570x392.jpg\" class=\"attachment-webify-rectangle-medium-alt size-webify-rectangle-medium-alt wp-post-image\" alt=\"\" \/>                      <\/a>\n                    <\/div>\n                                    <div class=\"tb-post-info\">\n                    <div class=\"tb-catagory tb-style1\">\n                      <ul class=\"post-categories\">\n\t<li><a href=\"https:\/\/www.digital-insure.fr\/es\/category\/comunicado-de-prensa\/\" rel=\"category tag\">Comunicado de Prensa<\/a><\/li>\n\t<li><a href=\"https:\/\/www.digital-insure.fr\/es\/category\/evento\/\" rel=\"category tag\">Evento<\/a><\/li><\/ul>                    <\/div>\n                    <div class=\"empty-space marg-lg-b5\"><\/div>\n                    <h2 class=\"tb-post-title tb-f18-lg  tb-m0\"><a href=\"https:\/\/www.digital-insure.fr\/es\/seguro-de-deudor-la-mutuelle-miltis-anuncia-importantes-cambios-en-su-contrato-sopretis-en-favor-de-los-consumidores\/\">Seguro de deudor: La Mutuelle Miltis anuncia importantes cambios en su contrato \u00abSopretis\u00bb en favor de los consumidores<\/a><\/h2>\n                    <div class=\"tb-post-label tb-style1\">\n                      <span class=\"tb-post-author-name vcard\"><a href=\"https:\/\/www.digital-insure.fr\/es\/author\/digital-insure\/\">digital insure<\/a><\/span> \n                      <span class=\"tb-post-date\">28 julio 2022<\/span>\n                    <\/div>\n                  <\/div>\n                <\/div>\n              <\/div>\n            \n          <\/div>\n                  <div class=\"col-lg-12\">\n          <div class=\"empty-space marg-lg-b30 marg-sm-b15\"><\/div>\n          <div class=\"text-center\">\n            <ul class='page-numbers'>\n\t<li><span aria-current=\"page\" class=\"page-numbers current\">1<\/span><\/li>\n\t<li><a class=\"page-numbers\" href=\"https:\/\/www.digital-insure.fr\/es\/wp-json\/wp\/v2\/pages\/39279\/page\/2\/\">2<\/a><\/li>\n\t<li><a class=\"page-numbers\" href=\"https:\/\/www.digital-insure.fr\/es\/wp-json\/wp\/v2\/pages\/39279\/page\/3\/\">3<\/a><\/li>\n\t<li><span class=\"page-numbers dots\">...<\/span><\/li>\n\t<li><a class=\"page-numbers\" href=\"https:\/\/www.digital-insure.fr\/es\/wp-json\/wp\/v2\/pages\/39279\/page\/7\/\">7<\/a><\/li>\n<\/ul>\n          <\/div>\n        <\/div>\n              <\/div>\n        \t\t\t\t<\/div>\n\t\t\t\t<\/div>\n\t\t\t\t\t<\/div>\n\t\t<\/div>\n\t\t\t\t\t<\/div>\n\t\t<\/section>\n\t\t\t\t<\/div>\n\t\t","protected":false},"excerpt":{"rendered":"<p>Communiqu\u00e9 de Presse \u00c9v\u00e9nement Digital Insure et La Mondiale Europartner d\u00e9veloppent leur partenariat \u00e0 l\u2019international digital insure 1 d\u00e9cembre 2022 Communiqu\u00e9 de Presse \u00c9v\u00e9nement Digital Insure et Odealim franchissent une \u00e9tape cl\u00e9 de leur rapprochement digital insure 7 septembre 2022 \u00c9v\u00e9nement La r\u00e9siliation pour tous et \u00e0 tout moment de l\u2019assurance emprunteur, c\u2019est parti ! [&hellip;]<\/p>\n","protected":false},"author":11,"featured_media":0,"parent":0,"menu_order":0,"comment_status":"closed","ping_status":"closed","template":"","meta":{"footnotes":""},"class_list":["post-39279","page","type-page","status-publish","hentry"],"_links":{"self":[{"href":"https:\/\/www.digital-insure.fr\/es\/wp-json\/wp\/v2\/pages\/39279","targetHints":{"allow":["GET"]}}],"collection":[{"href":"https:\/\/www.digital-insure.fr\/es\/wp-json\/wp\/v2\/pages"}],"about":[{"href":"https:\/\/www.digital-insure.fr\/es\/wp-json\/wp\/v2\/types\/page"}],"author":[{"embeddable":true,"href":"https:\/\/www.digital-insure.fr\/es\/wp-json\/wp\/v2\/users\/11"}],"replies":[{"embeddable":true,"href":"https:\/\/www.digital-insure.fr\/es\/wp-json\/wp\/v2\/comments?post=39279"}],"version-history":[{"count":1,"href":"https:\/\/www.digital-insure.fr\/es\/wp-json\/wp\/v2\/pages\/39279\/revisions"}],"predecessor-version":[{"id":39280,"href":"https:\/\/www.digital-insure.fr\/es\/wp-json\/wp\/v2\/pages\/39279\/revisions\/39280"}],"wp:attachment":[{"href":"https:\/\/www.digital-insure.fr\/es\/wp-json\/wp\/v2\/media?parent=39279"}],"curies":[{"name":"wp","href":"https:\/\/api.w.org\/{rel}","templated":true}]}}