{"id":39282,"date":"2019-04-15T06:40:36","date_gmt":"2019-04-15T04:40:36","guid":{"rendered":"https:\/\/www.digital-insure.fr\/news\/"},"modified":"2025-10-21T15:03:07","modified_gmt":"2025-10-21T13:03:07","slug":"news","status":"publish","type":"page","link":"https:\/\/www.digital-insure.fr\/en\/news\/","title":{"rendered":"News"},"content":{"rendered":"<div style=\"margin-top: 0px; margin-bottom: 0px;\" class=\"sharethis-inline-share-buttons\" ><\/div>\t\t<div data-elementor-type=\"wp-post\" data-elementor-id=\"39282\" class=\"elementor elementor-39282 elementor-1310\" data-elementor-post-type=\"page\">\n\t\t\t\t\t\t<section class=\"elementor-section elementor-top-section elementor-element elementor-element-72edd35 elementor-section-boxed elementor-section-height-default elementor-section-height-default\" data-id=\"72edd35\" data-element_type=\"section\" data-e-type=\"section\">\n\t\t\t\t\t\t<div class=\"elementor-container elementor-column-gap-extended\">\n\t\t\t\t\t<div class=\"elementor-column elementor-col-100 elementor-top-column elementor-element elementor-element-11ccd24\" data-id=\"11ccd24\" data-element_type=\"column\" data-e-type=\"column\">\n\t\t\t<div class=\"elementor-widget-wrap elementor-element-populated\">\n\t\t\t\t\t\t<div class=\"elementor-element elementor-element-07ce10c elementor-widget elementor-widget-webify-blog-widget\" data-id=\"07ce10c\" data-element_type=\"widget\" data-e-type=\"widget\" data-widget_type=\"webify-blog-widget.default\">\n\t\t\t\t<div class=\"elementor-widget-container\">\n\t\t\t\t\t        <div class=\"tb-blog-content\">\n          <div class=\"tb-isotop tb-port-col-2 tb-has-gutter\">\n            <div class=\"tb-grid-sizer\"><\/div>\n\n                          <div class=\"tb-isotop-item tb-w100 post-38596 post type-post status-publish format-standard has-post-thumbnail hentry category-event category-permanent-contract\">\n                <div class=\"tb-post tb-style5 tb-color1 tb-large-post\">\n                                      <div class=\"tb-zoom\">\n                      <a href=\"https:\/\/www.digital-insure.fr\/en\/medical-underwriter\/\" class=\"tb-post-thumb tb-zoom-in1\">\n                        <img fetchpriority=\"high\" decoding=\"async\" width=\"728\" height=\"485\" src=\"https:\/\/www.digital-insure.fr\/wp-content\/uploads\/sites\/4\/2025\/12\/image_optimale_site_web_tarificateur-medical-728x485.jpg\" class=\"attachment-webify-rectangle-large size-webify-rectangle-large wp-post-image\" alt=\"\" srcset=\"https:\/\/www.digital-insure.fr\/wp-content\/uploads\/sites\/4\/2025\/12\/image_optimale_site_web_tarificateur-medical.jpg 728w, https:\/\/www.digital-insure.fr\/wp-content\/uploads\/sites\/4\/2025\/12\/image_optimale_site_web_tarificateur-medical-300x200.jpg 300w\" sizes=\"(max-width: 728px) 100vw, 728px\" \/>                      <\/a>\n                    <\/div>\n                                    <div class=\"tb-post-info\">\n                    <div class=\"tb-post-meta\">\n                      <div class=\"tb-catagory tb-style1\">\n                        <ul class=\"post-categories\">\n\t<li><a href=\"https:\/\/www.digital-insure.fr\/en\/category\/event\/\" rel=\"category tag\">Event<\/a><\/li>\n\t<li><a href=\"https:\/\/www.digital-insure.fr\/en\/category\/permanent-contract\/\" rel=\"category tag\">Permanent Contract<\/a><\/li><\/ul>                      <\/div>\n                    <\/div>\n                    <div class=\"empty-space marg-lg-b5\"><\/div>\n                    <h2 class=\"tb-post-title tb-36-lg  tb-m0\"><a href=\"https:\/\/www.digital-insure.fr\/en\/medical-underwriter\/\">Medical Underwriter<\/a><\/h2>\n                    <div class=\"tb-post-label tb-style1\">\n                      <span class=\"tb-post-author-name vcard\"><a href=\"https:\/\/www.digital-insure.fr\/en\/author\/digital-insure\/\">digital insure<\/a><\/span> \n                      <span class=\"tb-post-date\">27 March 2026<\/span>\n                    <\/div>\n                  <\/div>\n                <\/div>\n              <\/div>\n            \n              <div class=\"tb-isotop-item post-41117 post type-post status-publish format-standard has-post-thumbnail hentry category-event\">\n                <div class=\"tb-post tb-style5 tb-color1 \">\n                                      <div class=\"tb-zoom\">\n                      <a href=\"https:\/\/www.digital-insure.fr\/en\/digital-insure-aurep-solid-foundations-for-wealth-management\/\" class=\"tb-post-thumb tb-zoom-in1\">\n                        <img decoding=\"async\" width=\"570\" height=\"392\" src=\"https:\/\/www.digital-insure.fr\/wp-content\/uploads\/sites\/4\/2025\/11\/AUREP-DI-partenariat-570x392.jpg\" class=\"attachment-webify-rectangle-medium-alt size-webify-rectangle-medium-alt wp-post-image\" alt=\"\" \/>                      <\/a>\n                    <\/div>\n                                    <div class=\"tb-post-info\">\n                    <div class=\"tb-catagory tb-style1\">\n                      <ul class=\"post-categories\">\n\t<li><a href=\"https:\/\/www.digital-insure.fr\/en\/category\/event\/\" rel=\"category tag\">Event<\/a><\/li><\/ul>                    <\/div>\n                    <div class=\"empty-space marg-lg-b5\"><\/div>\n                    <h2 class=\"tb-post-title tb-f18-lg  tb-m0\"><a href=\"https:\/\/www.digital-insure.fr\/en\/digital-insure-aurep-solid-foundations-for-wealth-management\/\">Digital Insure &amp; AUREP: Solid Foundations for Wealth Management<\/a><\/h2>\n                    <div class=\"tb-post-label tb-style1\">\n                      <span class=\"tb-post-author-name vcard\"><a href=\"https:\/\/www.digital-insure.fr\/en\/author\/veronika-ondrackova\/\">veronika.ondrackova<\/a><\/span> \n                      <span class=\"tb-post-date\">19 November 2025<\/span>\n                    <\/div>\n                  <\/div>\n                <\/div>\n              <\/div>\n            \n              <div class=\"tb-isotop-item post-41495 post type-post status-publish format-standard has-post-thumbnail hentry category-event category-press-release\">\n                <div class=\"tb-post tb-style5 tb-color1 \">\n                                      <div class=\"tb-zoom\">\n                      <a href=\"https:\/\/www.digital-insure.fr\/en\/digital-insure-and-mutlog-launch-altitude-emprunteur-mortgage-insurance-designed-for-expatriates-and-non-residents\/\" class=\"tb-post-thumb tb-zoom-in1\">\n                        <img decoding=\"async\" width=\"570\" height=\"392\" src=\"https:\/\/www.digital-insure.fr\/wp-content\/uploads\/sites\/4\/2025\/11\/Altitude-Emprunteur-banniere-sans-texte-570x392.png\" class=\"attachment-webify-rectangle-medium-alt size-webify-rectangle-medium-alt wp-post-image\" alt=\"\" \/>                      <\/a>\n                    <\/div>\n                                    <div class=\"tb-post-info\">\n                    <div class=\"tb-catagory tb-style1\">\n                      <ul class=\"post-categories\">\n\t<li><a href=\"https:\/\/www.digital-insure.fr\/en\/category\/event\/\" rel=\"category tag\">Event<\/a><\/li>\n\t<li><a href=\"https:\/\/www.digital-insure.fr\/en\/category\/press-release\/\" rel=\"category tag\">Press Release<\/a><\/li><\/ul>                    <\/div>\n                    <div class=\"empty-space marg-lg-b5\"><\/div>\n                    <h2 class=\"tb-post-title tb-f18-lg  tb-m0\"><a href=\"https:\/\/www.digital-insure.fr\/en\/digital-insure-and-mutlog-launch-altitude-emprunteur-mortgage-insurance-designed-for-expatriates-and-non-residents\/\">Digital Insure and Mutlog launch &#8220;Altitude Emprunteur&#8221;: mortgage insurance designed for expatriates and non-residents.<\/a><\/h2>\n                    <div class=\"tb-post-label tb-style1\">\n                      <span class=\"tb-post-author-name vcard\"><a href=\"https:\/\/www.digital-insure.fr\/en\/author\/veronika-ondrackova\/\">veronika.ondrackova<\/a><\/span> \n                      <span class=\"tb-post-date\">4 November 2025<\/span>\n                    <\/div>\n                  <\/div>\n                <\/div>\n              <\/div>\n            \n              <div class=\"tb-isotop-item post-38597 post type-post status-publish format-standard has-post-thumbnail hentry category-event category-press-release\">\n                <div class=\"tb-post tb-style5 tb-color1 \">\n                                      <div class=\"tb-zoom\">\n                      <a href=\"https:\/\/www.digital-insure.fr\/en\/enhanced-customer-journeys-with-the-fusion-api-offering\/\" class=\"tb-post-thumb tb-zoom-in1\">\n                        <img loading=\"lazy\" decoding=\"async\" width=\"570\" height=\"392\" src=\"https:\/\/www.digital-insure.fr\/wp-content\/uploads\/sites\/4\/2025\/01\/FUSION-teasing-img-570x392.jpg\" class=\"attachment-webify-rectangle-medium-alt size-webify-rectangle-medium-alt wp-post-image\" alt=\"fusion api\" \/>                      <\/a>\n                    <\/div>\n                                    <div class=\"tb-post-info\">\n                    <div class=\"tb-catagory tb-style1\">\n                      <ul class=\"post-categories\">\n\t<li><a href=\"https:\/\/www.digital-insure.fr\/en\/category\/event\/\" rel=\"category tag\">Event<\/a><\/li>\n\t<li><a href=\"https:\/\/www.digital-insure.fr\/en\/category\/press-release\/\" rel=\"category tag\">Press Release<\/a><\/li><\/ul>                    <\/div>\n                    <div class=\"empty-space marg-lg-b5\"><\/div>\n                    <h2 class=\"tb-post-title tb-f18-lg  tb-m0\"><a href=\"https:\/\/www.digital-insure.fr\/en\/enhanced-customer-journeys-with-the-fusion-api-offering\/\">Enhanced Customer Journeys with the FUSION API Offering<\/a><\/h2>\n                    <div class=\"tb-post-label tb-style1\">\n                      <span class=\"tb-post-author-name vcard\"><a href=\"https:\/\/www.digital-insure.fr\/en\/author\/digital-insure\/\">digital insure<\/a><\/span> \n                      <span class=\"tb-post-date\">16 January 2025<\/span>\n                    <\/div>\n                  <\/div>\n                <\/div>\n              <\/div>\n            \n              <div class=\"tb-isotop-item post-38624 post type-post status-publish format-standard has-post-thumbnail hentry category-event category-press-release\">\n                <div class=\"tb-post tb-style5 tb-color1 \">\n                                      <div class=\"tb-zoom\">\n                      <a href=\"https:\/\/www.digital-insure.fr\/en\/digital-insure-optimizes-its-advisors-services-through-an-innovative-ai-model\/\" class=\"tb-post-thumb tb-zoom-in1\">\n                        <img loading=\"lazy\" decoding=\"async\" width=\"570\" height=\"392\" src=\"https:\/\/www.digital-insure.fr\/wp-content\/uploads\/sites\/4\/2024\/10\/DI-Raphael-MANDEL-Virginie-BULTEY-570x392.png\" class=\"attachment-webify-rectangle-medium-alt size-webify-rectangle-medium-alt wp-post-image\" alt=\"\" \/>                      <\/a>\n                    <\/div>\n                                    <div class=\"tb-post-info\">\n                    <div class=\"tb-catagory tb-style1\">\n                      <ul class=\"post-categories\">\n\t<li><a href=\"https:\/\/www.digital-insure.fr\/en\/category\/event\/\" rel=\"category tag\">Event<\/a><\/li>\n\t<li><a href=\"https:\/\/www.digital-insure.fr\/en\/category\/press-release\/\" rel=\"category tag\">Press Release<\/a><\/li><\/ul>                    <\/div>\n                    <div class=\"empty-space marg-lg-b5\"><\/div>\n                    <h2 class=\"tb-post-title tb-f18-lg  tb-m0\"><a href=\"https:\/\/www.digital-insure.fr\/en\/digital-insure-optimizes-its-advisors-services-through-an-innovative-ai-model\/\">Digital Insure Optimizes its Advisors&#8217; Services through an Innovative AI Model.<\/a><\/h2>\n                    <div class=\"tb-post-label tb-style1\">\n                      <span class=\"tb-post-author-name vcard\"><a href=\"https:\/\/www.digital-insure.fr\/en\/author\/digital-insure\/\">digital insure<\/a><\/span> \n                      <span class=\"tb-post-date\">25 October 2024<\/span>\n                    <\/div>\n                  <\/div>\n                <\/div>\n              <\/div>\n            \n              <div class=\"tb-isotop-item post-38652 post type-post status-publish format-standard has-post-thumbnail hentry category-event category-press-release\">\n                <div class=\"tb-post tb-style5 tb-color1 \">\n                                      <div class=\"tb-zoom\">\n                      <a href=\"https:\/\/www.digital-insure.fr\/en\/borrower-insurance-digital-insure-and-acheel-sign-a-new-partnership\/\" class=\"tb-post-thumb tb-zoom-in1\">\n                        <img loading=\"lazy\" decoding=\"async\" width=\"570\" height=\"392\" src=\"https:\/\/www.digital-insure.fr\/wp-content\/uploads\/sites\/4\/2023\/10\/Acheel-digitalinsure-570x392.png\" class=\"attachment-webify-rectangle-medium-alt size-webify-rectangle-medium-alt wp-post-image\" alt=\"\" \/>                      <\/a>\n                    <\/div>\n                                    <div class=\"tb-post-info\">\n                    <div class=\"tb-catagory tb-style1\">\n                      <ul class=\"post-categories\">\n\t<li><a href=\"https:\/\/www.digital-insure.fr\/en\/category\/event\/\" rel=\"category tag\">Event<\/a><\/li>\n\t<li><a href=\"https:\/\/www.digital-insure.fr\/en\/category\/press-release\/\" rel=\"category tag\">Press Release<\/a><\/li><\/ul>                    <\/div>\n                    <div class=\"empty-space marg-lg-b5\"><\/div>\n                    <h2 class=\"tb-post-title tb-f18-lg  tb-m0\"><a href=\"https:\/\/www.digital-insure.fr\/en\/borrower-insurance-digital-insure-and-acheel-sign-a-new-partnership\/\">Borrower Insurance: Digital Insure and Acheel Sign a New Partnership<\/a><\/h2>\n                    <div class=\"tb-post-label tb-style1\">\n                      <span class=\"tb-post-author-name vcard\"><a href=\"https:\/\/www.digital-insure.fr\/en\/author\/digital-insure\/\">digital insure<\/a><\/span> \n                      <span class=\"tb-post-date\">10 October 2023<\/span>\n                    <\/div>\n                  <\/div>\n                <\/div>\n              <\/div>\n            \n              <div class=\"tb-isotop-item post-38663 post type-post status-publish format-standard has-post-thumbnail hentry category-event category-press-release\">\n                <div class=\"tb-post tb-style5 tb-color1 \">\n                                      <div class=\"tb-zoom\">\n                      <a href=\"https:\/\/www.digital-insure.fr\/en\/alptis-launches-a-borrower-marketplace-in-partnership-with-digital-insure\/\" class=\"tb-post-thumb tb-zoom-in1\">\n                        <img loading=\"lazy\" decoding=\"async\" width=\"570\" height=\"392\" src=\"https:\/\/www.digital-insure.fr\/wp-content\/uploads\/sites\/4\/2023\/09\/Visuel-article-presse-altptis-di-570x392.jpg\" class=\"attachment-webify-rectangle-medium-alt size-webify-rectangle-medium-alt wp-post-image\" alt=\"\" \/>                      <\/a>\n                    <\/div>\n                                    <div class=\"tb-post-info\">\n                    <div class=\"tb-catagory tb-style1\">\n                      <ul class=\"post-categories\">\n\t<li><a href=\"https:\/\/www.digital-insure.fr\/en\/category\/event\/\" rel=\"category tag\">Event<\/a><\/li>\n\t<li><a href=\"https:\/\/www.digital-insure.fr\/en\/category\/press-release\/\" rel=\"category tag\">Press Release<\/a><\/li><\/ul>                    <\/div>\n                    <div class=\"empty-space marg-lg-b5\"><\/div>\n                    <h2 class=\"tb-post-title tb-f18-lg  tb-m0\"><a href=\"https:\/\/www.digital-insure.fr\/en\/alptis-launches-a-borrower-marketplace-in-partnership-with-digital-insure\/\">Alptis Launches a Borrower Marketplace in Partnership with Digital Insure<\/a><\/h2>\n                    <div class=\"tb-post-label tb-style1\">\n                      <span class=\"tb-post-author-name vcard\"><a href=\"https:\/\/www.digital-insure.fr\/en\/author\/digital-insure\/\">digital insure<\/a><\/span> \n                      <span class=\"tb-post-date\">19 September 2023<\/span>\n                    <\/div>\n                  <\/div>\n                <\/div>\n              <\/div>\n            \n              <div class=\"tb-isotop-item post-38756 post type-post status-publish format-standard has-post-thumbnail hentry category-event category-press-release\">\n                <div class=\"tb-post tb-style5 tb-color1 \">\n                                      <div class=\"tb-zoom\">\n                      <a href=\"https:\/\/www.digital-insure.fr\/en\/vousfinancer-and-digital-insure-announce-a-long-term-strategic-partnership\/\" class=\"tb-post-thumb tb-zoom-in1\">\n                        <img loading=\"lazy\" decoding=\"async\" width=\"570\" height=\"392\" src=\"https:\/\/www.digital-insure.fr\/wp-content\/uploads\/sites\/4\/2023\/03\/Capture-decran-2023-03-06-a-14.48.16-570x392.png\" class=\"attachment-webify-rectangle-medium-alt size-webify-rectangle-medium-alt wp-post-image\" alt=\"\" \/>                      <\/a>\n                    <\/div>\n                                    <div class=\"tb-post-info\">\n                    <div class=\"tb-catagory tb-style1\">\n                      <ul class=\"post-categories\">\n\t<li><a href=\"https:\/\/www.digital-insure.fr\/en\/category\/event\/\" rel=\"category tag\">Event<\/a><\/li>\n\t<li><a href=\"https:\/\/www.digital-insure.fr\/en\/category\/press-release\/\" rel=\"category tag\">Press Release<\/a><\/li><\/ul>                    <\/div>\n                    <div class=\"empty-space marg-lg-b5\"><\/div>\n                    <h2 class=\"tb-post-title tb-f18-lg  tb-m0\"><a href=\"https:\/\/www.digital-insure.fr\/en\/vousfinancer-and-digital-insure-announce-a-long-term-strategic-partnership\/\">Vousfinancer and Digital Insure Announce a Long-Term Strategic Partnership<\/a><\/h2>\n                    <div class=\"tb-post-label tb-style1\">\n                      <span class=\"tb-post-author-name vcard\"><a href=\"https:\/\/www.digital-insure.fr\/en\/author\/digital-insure\/\">digital insure<\/a><\/span> \n                      <span class=\"tb-post-date\">7 March 2023<\/span>\n                    <\/div>\n                  <\/div>\n                <\/div>\n              <\/div>\n            \n              <div class=\"tb-isotop-item post-38670 post type-post status-publish format-standard has-post-thumbnail hentry category-event category-press-release\">\n                <div class=\"tb-post tb-style5 tb-color1 \">\n                                      <div class=\"tb-zoom\">\n                      <a href=\"https:\/\/www.digital-insure.fr\/en\/digital-insure-launches-digiprevtns-its-second-100-digital-contingency-insurance-offer-for-self-employed-workers\/\" class=\"tb-post-thumb tb-zoom-in1\">\n                        <img loading=\"lazy\" decoding=\"async\" width=\"570\" height=\"392\" src=\"https:\/\/www.digital-insure.fr\/wp-content\/uploads\/sites\/4\/2023\/02\/visuel-digiprevtns-sans-texte-570x392.jpg\" class=\"attachment-webify-rectangle-medium-alt size-webify-rectangle-medium-alt wp-post-image\" alt=\"\" \/>                      <\/a>\n                    <\/div>\n                                    <div class=\"tb-post-info\">\n                    <div class=\"tb-catagory tb-style1\">\n                      <ul class=\"post-categories\">\n\t<li><a href=\"https:\/\/www.digital-insure.fr\/en\/category\/event\/\" rel=\"category tag\">Event<\/a><\/li>\n\t<li><a href=\"https:\/\/www.digital-insure.fr\/en\/category\/press-release\/\" rel=\"category tag\">Press Release<\/a><\/li><\/ul>                    <\/div>\n                    <div class=\"empty-space marg-lg-b5\"><\/div>\n                    <h2 class=\"tb-post-title tb-f18-lg  tb-m0\"><a href=\"https:\/\/www.digital-insure.fr\/en\/digital-insure-launches-digiprevtns-its-second-100-digital-contingency-insurance-offer-for-self-employed-workers\/\">Digital Insure Launches &#8220;DigiPr\u00e9vTNS&#8221;, its Second 100% Digital Contingency Insurance Offer, for Self-Employed Workers<\/a><\/h2>\n                    <div class=\"tb-post-label tb-style1\">\n                      <span class=\"tb-post-author-name vcard\"><a href=\"https:\/\/www.digital-insure.fr\/en\/author\/digital-insure\/\">digital insure<\/a><\/span> \n                      <span class=\"tb-post-date\">14 February 2023<\/span>\n                    <\/div>\n                  <\/div>\n                <\/div>\n              <\/div>\n            \n          <\/div>\n                  <div class=\"col-lg-12\">\n          <div class=\"empty-space marg-lg-b30 marg-sm-b15\"><\/div>\n          <div class=\"text-center\">\n            <ul class='page-numbers'>\n\t<li><span aria-current=\"page\" class=\"page-numbers current\">1<\/span><\/li>\n\t<li><a class=\"page-numbers\" href=\"https:\/\/www.digital-insure.fr\/en\/wp-json\/wp\/v2\/pages\/39282\/page\/2\/\">2<\/a><\/li>\n\t<li><a class=\"page-numbers\" href=\"https:\/\/www.digital-insure.fr\/en\/wp-json\/wp\/v2\/pages\/39282\/page\/3\/\">3<\/a><\/li>\n\t<li><span class=\"page-numbers dots\">&hellip;<\/span><\/li>\n\t<li><a class=\"page-numbers\" href=\"https:\/\/www.digital-insure.fr\/en\/wp-json\/wp\/v2\/pages\/39282\/page\/7\/\">7<\/a><\/li>\n<\/ul>\n          <\/div>\n        <\/div>\n              <\/div>\n        \t\t\t\t<\/div>\n\t\t\t\t<\/div>\n\t\t\t\t\t<\/div>\n\t\t<\/div>\n\t\t\t\t\t<\/div>\n\t\t<\/section>\n\t\t\t\t<\/div>\n\t\t","protected":false},"excerpt":{"rendered":"<p>Communiqu\u00e9 de Presse \u00c9v\u00e9nement Digital Insure et La Mondiale Europartner d\u00e9veloppent leur partenariat \u00e0 l\u2019international digital insure 1 d\u00e9cembre 2022 Communiqu\u00e9 de Presse \u00c9v\u00e9nement Digital Insure et Odealim franchissent une \u00e9tape cl\u00e9 de leur rapprochement digital insure 7 septembre 2022 \u00c9v\u00e9nement La r\u00e9siliation pour tous et \u00e0 tout moment de l\u2019assurance emprunteur, c\u2019est parti ! [&hellip;]<\/p>\n","protected":false},"author":11,"featured_media":0,"parent":0,"menu_order":0,"comment_status":"closed","ping_status":"closed","template":"","meta":{"footnotes":""},"class_list":["post-39282","page","type-page","status-publish","hentry"],"_links":{"self":[{"href":"https:\/\/www.digital-insure.fr\/en\/wp-json\/wp\/v2\/pages\/39282","targetHints":{"allow":["GET"]}}],"collection":[{"href":"https:\/\/www.digital-insure.fr\/en\/wp-json\/wp\/v2\/pages"}],"about":[{"href":"https:\/\/www.digital-insure.fr\/en\/wp-json\/wp\/v2\/types\/page"}],"author":[{"embeddable":true,"href":"https:\/\/www.digital-insure.fr\/en\/wp-json\/wp\/v2\/users\/11"}],"replies":[{"embeddable":true,"href":"https:\/\/www.digital-insure.fr\/en\/wp-json\/wp\/v2\/comments?post=39282"}],"version-history":[{"count":1,"href":"https:\/\/www.digital-insure.fr\/en\/wp-json\/wp\/v2\/pages\/39282\/revisions"}],"predecessor-version":[{"id":39283,"href":"https:\/\/www.digital-insure.fr\/en\/wp-json\/wp\/v2\/pages\/39282\/revisions\/39283"}],"wp:attachment":[{"href":"https:\/\/www.digital-insure.fr\/en\/wp-json\/wp\/v2\/media?parent=39282"}],"curies":[{"name":"wp","href":"https:\/\/api.w.org\/{rel}","templated":true}]}}